{"id":368,"date":"2020-03-13T16:33:11","date_gmt":"2020-03-13T16:33:11","guid":{"rendered":"https:\/\/colegiolasalle.edu.mx\/secundaria\/?page_id=368"},"modified":"2024-03-14T06:47:24","modified_gmt":"2024-03-14T06:47:24","slug":"ideario","status":"publish","type":"page","link":"https:\/\/colegiolasalle.edu.mx\/secundaria\/ideario\/","title":{"rendered":"Ideario"},"content":{"rendered":"<p><div class=\"fusion-fullwidth fullwidth-box fusion-builder-row-1 fusion-flex-container hundred-percent-fullwidth non-hundred-percent-height-scrolling\" style=\"--awb-border-radius-top-left:0px;--awb-border-radius-top-right:0px;--awb-border-radius-bottom-right:0px;--awb-border-radius-bottom-left:0px;--awb-flex-wrap:wrap;\" ><div class=\"fusion-builder-row fusion-row fusion-flex-align-items-flex-start fusion-flex-content-wrap\" style=\"width:calc( 100% + 0px ) !important;max-width:calc( 100% + 0px ) !important;margin-left: calc(-0px \/ 2 );margin-right: calc(-0px \/ 2 );\"><div class=\"fusion-layout-column fusion_builder_column fusion-builder-column-0 fusion_builder_column_1_1 1_1 fusion-flex-column\" style=\"--awb-bg-size:cover;--awb-width-large:100%;--awb-margin-top-large:0px;--awb-spacing-right-large:0px;--awb-margin-bottom-large:20px;--awb-spacing-left-large:0px;--awb-width-medium:100%;--awb-spacing-right-medium:0px;--awb-spacing-left-medium:0px;--awb-width-small:100%;--awb-spacing-right-small:0px;--awb-spacing-left-small:0px;\"><div class=\"fusion-column-wrapper fusion-column-has-shadow fusion-flex-justify-content-flex-start fusion-content-layout-column\"><div class=\"fusion-title title fusion-title-1 fusion-title-center fusion-title-text fusion-title-size-one\" style=\"--awb-font-size:50px;\"><div class=\"title-sep-container title-sep-container-left\"><div class=\"title-sep sep-double sep-solid\" style=\"border-color:#e0dede;\"><\/div><\/div><span class=\"awb-title-spacer\"><\/span><h1 class=\"fusion-title-heading title-heading-center fusion-responsive-typography-calculated\" style=\"font-family:&quot;Source Sans 3&quot;;font-style:normal;font-weight:400;margin:0;font-size:1em;--fontSize:50;line-height:1.4;\"><p style=\"text-align: left;\">Ideario<\/p><\/h1><span class=\"awb-title-spacer\"><\/span><div class=\"title-sep-container title-sep-container-right\"><div class=\"title-sep sep-double sep-solid\" style=\"border-color:#e0dede;\"><\/div><\/div><\/div><\/div><\/div><\/div><\/div><div class=\"fusion-fullwidth fullwidth-box fusion-builder-row-2 fusion-flex-container nonhundred-percent-fullwidth non-hundred-percent-height-scrolling\" style=\"--awb-border-radius-top-left:0px;--awb-border-radius-top-right:0px;--awb-border-radius-bottom-right:0px;--awb-border-radius-bottom-left:0px;--awb-flex-wrap:wrap;\" ><div class=\"fusion-builder-row fusion-row fusion-flex-align-items-flex-start fusion-flex-content-wrap\" style=\"max-width:calc( 1100px + 0px );margin-left: calc(-0px \/ 2 );margin-right: calc(-0px \/ 2 );\"><div class=\"fusion-layout-column fusion_builder_column fusion-builder-column-1 fusion_builder_column_2_5 2_5 fusion-flex-column\" style=\"--awb-bg-size:cover;--awb-width-large:40%;--awb-margin-top-large:0px;--awb-spacing-right-large:0px;--awb-margin-bottom-large:0px;--awb-spacing-left-large:0px;--awb-width-medium:40%;--awb-order-medium:0;--awb-spacing-right-medium:0px;--awb-spacing-left-medium:0px;--awb-width-small:100%;--awb-order-small:0;--awb-spacing-right-small:0px;--awb-spacing-left-small:0px;\"><div class=\"fusion-column-wrapper fusion-column-has-shadow fusion-flex-justify-content-flex-start fusion-content-layout-column\"><div class=\"fusion-image-element \" style=\"text-align:center;--awb-mask-url: url(https:\/\/colegiolasalle.edu.mx\/secundaria\/wp-content\/plugins\/fusion-builder\/\/assets\/images\/masks\/mask-9.svg);--awb-caption-title-font-family:var(--h2_typography-font-family);--awb-caption-title-font-weight:var(--h2_typography-font-weight);--awb-caption-title-font-style:var(--h2_typography-font-style);--awb-caption-title-size:var(--h2_typography-font-size);--awb-caption-title-transform:var(--h2_typography-text-transform);--awb-caption-title-line-height:var(--h2_typography-line-height);--awb-caption-title-letter-spacing:var(--h2_typography-letter-spacing);\"><span class=\" fusion-imageframe imageframe-none imageframe-1 hover-type-none has-mask fusion-animated\" data-animationType=\"bounceInLeft\" data-animationDuration=\"0.3\" data-animationOffset=\"top-into-view\"><img decoding=\"async\" width=\"227\" height=\"300\" title=\"N_2.jpg\" src=\"http:\/\/colegiolasalle.edu.mx\/secundaria\/wp-content\/uploads\/sites\/4\/2021\/09\/N_2-227x300.jpg\" alt class=\"img-responsive wp-image-634\" srcset=\"https:\/\/colegiolasalle.edu.mx\/secundaria\/wp-content\/uploads\/sites\/4\/2021\/09\/N_2-227x300.jpg 227w, https:\/\/colegiolasalle.edu.mx\/secundaria\/wp-content\/uploads\/sites\/4\/2021\/09\/N_2.jpg 300w\" sizes=\"(max-width: 227px) 100vw, 227px\" \/><\/span><\/div><\/div><\/div><div class=\"fusion-layout-column fusion_builder_column fusion-builder-column-2 fusion_builder_column_3_5 3_5 fusion-flex-column\" style=\"--awb-bg-size:cover;--awb-width-large:60%;--awb-margin-top-large:0px;--awb-spacing-right-large:0px;--awb-margin-bottom-large:20px;--awb-spacing-left-large:0px;--awb-width-medium:60%;--awb-spacing-right-medium:0px;--awb-spacing-left-medium:0px;--awb-width-small:100%;--awb-spacing-right-small:0px;--awb-spacing-left-small:0px;\"><div class=\"fusion-column-wrapper fusion-column-has-shadow fusion-flex-justify-content-flex-start fusion-content-layout-column\"><div class=\"fusion-text fusion-text-1\"><p data-fusion-font=\"true\" style=\"font-size: 26px\"><b>\u201cEducaci\u00f3n en la Responsabilidad\u201d<\/b><\/p>\n<p data-fusion-font=\"true\" style=\"font-size: 26px\">El Colegio La Salle tiene como finalidad el proporcionar una educaci\u00f3n integral, partiendo de una concepci\u00f3n cristiana del ser, como persona individual, social y trascendente; inspirados en los principios educativos de San Juan Bautista de La Salle.<\/p>\n<p data-fusion-font=\"true\" style=\"font-size: 26px\">Considerando que cada alumno es una persona aut\u00f3noma, original, irrepetible, en proceso de crecimiento de su libertad y responsabilidad, un ser eminentemente social y necesitado de los dem\u00e1s para poder vivir desarrollarse y por su trascendencia llamado vivir el plan de salvaci\u00f3n, nos proponemos:<\/p>\n<\/div><\/div><\/div><div class=\"fusion-layout-column fusion_builder_column fusion-builder-column-3 fusion_builder_column_1_1 1_1 fusion-flex-column\" style=\"--awb-bg-size:cover;--awb-width-large:100%;--awb-margin-top-large:0px;--awb-spacing-right-large:0px;--awb-margin-bottom-large:20px;--awb-spacing-left-large:0px;--awb-width-medium:100%;--awb-order-medium:0;--awb-spacing-right-medium:0px;--awb-spacing-left-medium:0px;--awb-width-small:100%;--awb-order-small:0;--awb-spacing-right-small:0px;--awb-spacing-left-small:0px;\"><div class=\"fusion-column-wrapper fusion-column-has-shadow fusion-flex-justify-content-flex-start fusion-content-layout-column\"><div class=\"fusion-text fusion-text-2\"><p data-fusion-font=\"true\" style=\"font-size: 26px\"><span style=\"color: var(--awb-text-color); font-family: var(--awb-text-font-family); font-style: var(--awb-text-font-style); font-weight: var(--awb-text-font-weight); letter-spacing: var(--awb-letter-spacing); text-align: var(--awb-content-alignment); text-transform: var(--awb-text-transform); background-color: var(--awb-bg-color-hover);\">Ense\u00f1ar y guiar en el crecimiento de la fe, viviendo seg\u00fan la verdad, como personas libres, buscando la justicia y colaborando con los educandos a trav\u00e9s de un trato personal, para que cumpla su misi\u00f3n en el servicio de la sociedad y de los hombres.<\/span><\/p>\n<p data-fusion-font=\"true\" style=\"font-size: 26px\">Realizar un esfuerzo de autenticidad y de actualizaci\u00f3n cultural a trav\u00e9s de la calidad de los estudios, la seriedad en la formaci\u00f3n, la renovaci\u00f3n de los objetivos de programas acad\u00e9micos y de aprendizaje.<\/p>\n<p data-fusion-font=\"true\" style=\"font-size: 26px\">Estas metas se har\u00e1n posible en la medida en la que la comunidad, maestros, padres de familia y alumnos est\u00e9n comprometidos de lograr estos prop\u00f3sitos.<\/p>\n<p data-fusion-font=\"true\" style=\"font-size: 26px\">\u201cConseguir la formaci\u00f3n humana cultural, social y f\u00edsica que permita el desarrollo arm\u00f3nico y completo de la personalidad de cada educando, dentro de un ambiente de respeto de la libertad que le estimule al uso cabal de su responsabilidad\u201d.<\/p>\n<\/div><\/div><\/div><\/div><\/div><div class=\"fusion-fullwidth fullwidth-box fusion-builder-row-3 fusion-flex-container nonhundred-percent-fullwidth non-hundred-percent-height-scrolling\" style=\"--awb-border-radius-top-left:0px;--awb-border-radius-top-right:0px;--awb-border-radius-bottom-right:0px;--awb-border-radius-bottom-left:0px;--awb-flex-wrap:wrap;\" ><div class=\"fusion-builder-row fusion-row fusion-flex-align-items-flex-start fusion-flex-content-wrap\" style=\"max-width:calc( 1100px + 0px );margin-left: calc(-0px \/ 2 );margin-right: calc(-0px \/ 2 );\"><div class=\"fusion-layout-column fusion_builder_column fusion-builder-column-4 fusion_builder_column_1_1 1_1 fusion-flex-column\" style=\"--awb-bg-size:cover;--awb-width-large:100%;--awb-margin-top-large:0px;--awb-spacing-right-large:0px;--awb-margin-bottom-large:20px;--awb-spacing-left-large:0px;--awb-width-medium:100%;--awb-spacing-right-medium:0px;--awb-spacing-left-medium:0px;--awb-width-small:100%;--awb-spacing-right-small:0px;--awb-spacing-left-small:0px;\"><div class=\"fusion-column-wrapper fusion-column-has-shadow fusion-flex-justify-content-flex-start fusion-content-layout-column\"><div class=\"fusion-sharing-box fusion-sharing-box-1 boxed-icons has-taglines layout-floated layout-medium-floated layout-small-floated\" style=\"background-color:#03a9f4;--awb-layout:row;--awb-alignment-small:space-between;\" data-title=\"Ideario\" data-description=\"Ideario   \u201cEducaci\u00f3n en la Responsabilidad\u201d\nEl Colegio La Salle tiene como finalidad el proporcionar una educaci\u00f3n integral, partiendo de una concepci\u00f3n cristiana del ser, como persona individual, social y trascendente; inspirados en los principios educativos de San Juan Bautista de La Salle.\" data-link=\"https:\/\/colegiolasalle.edu.mx\/secundaria\/ideario\/\"><h4 class=\"tagline\" style=\"color:#ffffff;\">!Comparte este art\u00edculo en tu red social preferida!<\/h4><div class=\"fusion-social-networks sharingbox-shortcode-icon-wrapper sharingbox-shortcode-icon-wrapper-1 boxed-icons\"><span><a href=\"https:\/\/www.facebook.com\/sharer.php?u=https%3A%2F%2Fcolegiolasalle.edu.mx%2Fsecundaria%2Fideario%2F&amp;t=Ideario\" target=\"_blank\" rel=\"noreferrer\" title=\"Facebook\" aria-label=\"Facebook\" data-placement=\"top\" data-toggle=\"tooltip\" data-title=\"Facebook\"><i class=\"fusion-social-network-icon fusion-tooltip fusion-facebook awb-icon-facebook\" style=\"color:#ffffff;background-color:#3b5998;border-color:#3b5998;border-radius:4px;\" aria-hidden=\"true\"><\/i><\/a><\/span><span><a href=\"https:\/\/twitter.com\/share?text=Ideario&amp;url=https%3A%2F%2Fcolegiolasalle.edu.mx%2Fsecundaria%2Fideario%2F\" target=\"_blank\" rel=\"noopener noreferrer\" title=\"Twitter\" aria-label=\"Twitter\" data-placement=\"top\" data-toggle=\"tooltip\" data-title=\"Twitter\"><i class=\"fusion-social-network-icon fusion-tooltip fusion-twitter awb-icon-twitter\" style=\"color:#ffffff;background-color:#000000;border-color:#000000;border-radius:4px;\" aria-hidden=\"true\"><\/i><\/a><\/span><span><a href=\"https:\/\/reddit.com\/submit?url=https%3A%2F%2Fcolegiolasalle.edu.mx%2Fsecundaria%2Fideario%2F&amp;title=Ideario\" target=\"_blank\" rel=\"noopener noreferrer\" title=\"Reddit\" aria-label=\"Reddit\" data-placement=\"top\" data-toggle=\"tooltip\" data-title=\"Reddit\"><i class=\"fusion-social-network-icon fusion-tooltip fusion-reddit awb-icon-reddit\" style=\"color:#ffffff;background-color:#ff4500;border-color:#ff4500;border-radius:4px;\" aria-hidden=\"true\"><\/i><\/a><\/span><span><a href=\"https:\/\/www.linkedin.com\/shareArticle?mini=true&amp;url=https%3A%2F%2Fcolegiolasalle.edu.mx%2Fsecundaria%2Fideario%2F&amp;title=Ideario&amp;summary=Ideario%20%20%20%20%20%E2%80%9CEducaci%C3%B3n%20en%20la%20Responsabilidad%E2%80%9D%0AEl%20Colegio%20La%20Salle%20tiene%20como%20finalidad%20el%20proporcionar%20una%20educaci%C3%B3n%20integral%2C%20partiendo%20de%20una%20concepci%C3%B3n%20cristiana%20del%20ser%2C%20como%20persona%20individual%2C%20social%20y%20trascendente%3B%20inspirados%20en%20los%20principios%20educativos%20de%20San%20Juan%20Bautista%20de%20La%20Salle.\" target=\"_blank\" rel=\"noopener noreferrer\" title=\"LinkedIn\" aria-label=\"LinkedIn\" data-placement=\"top\" data-toggle=\"tooltip\" data-title=\"LinkedIn\"><i class=\"fusion-social-network-icon fusion-tooltip fusion-linkedin awb-icon-linkedin\" style=\"color:#ffffff;background-color:#0077b5;border-color:#0077b5;border-radius:4px;\" aria-hidden=\"true\"><\/i><\/a><\/span><span><a href=\"https:\/\/api.whatsapp.com\/send?text=https%3A%2F%2Fcolegiolasalle.edu.mx%2Fsecundaria%2Fideario%2F\" target=\"_blank\" rel=\"noopener noreferrer\" title=\"WhatsApp\" aria-label=\"WhatsApp\" data-placement=\"top\" data-toggle=\"tooltip\" data-title=\"WhatsApp\"><i class=\"fusion-social-network-icon fusion-tooltip fusion-whatsapp awb-icon-whatsapp\" style=\"color:#ffffff;background-color:#77e878;border-color:#77e878;border-radius:4px;\" aria-hidden=\"true\"><\/i><\/a><\/span><span><a href=\"https:\/\/t.me\/share\/url?url=https%3A%2F%2Fcolegiolasalle.edu.mx%2Fsecundaria%2Fideario%2F&amp;text=Ideario\" target=\"_blank\" rel=\"noopener noreferrer\" title=\"Telegram\" aria-label=\"Telegram\" data-placement=\"top\" data-toggle=\"tooltip\" data-title=\"Telegram\"><i class=\"fusion-social-network-icon fusion-tooltip fusion-telegram awb-icon-telegram\" style=\"color:#ffffff;background-color:#0088cc;border-color:#0088cc;border-radius:4px;\" aria-hidden=\"true\"><\/i><\/a><\/span><span><a href=\"https:\/\/www.tumblr.com\/share\/link?url=https%3A%2F%2Fcolegiolasalle.edu.mx%2Fsecundaria%2Fideario%2F&amp;name=Ideario&amp;description=Ideario%20%20%20%20%20%E2%80%9CEducaci%C3%B3n%20en%20la%20Responsabilidad%E2%80%9D%0AEl%20Colegio%20La%20Salle%20tiene%20como%20finalidad%20el%20proporcionar%20una%20educaci%C3%B3n%20integral%2C%20partiendo%20de%20una%20concepci%C3%B3n%20cristiana%20del%20ser%2C%20como%20persona%20individual%2C%20social%20y%20trascendente%3B%20inspirados%20en%20los%20principios%20educativos%20de%20San%20Juan%20Bautista%20de%20La%20Salle.\" target=\"_blank\" rel=\"noopener noreferrer\" title=\"Tumblr\" aria-label=\"Tumblr\" data-placement=\"top\" data-toggle=\"tooltip\" data-title=\"Tumblr\"><i class=\"fusion-social-network-icon fusion-tooltip fusion-tumblr awb-icon-tumblr\" style=\"color:#ffffff;background-color:#35465c;border-color:#35465c;border-radius:4px;\" aria-hidden=\"true\"><\/i><\/a><\/span><span><a href=\"https:\/\/pinterest.com\/pin\/create\/button\/?url=https%3A%2F%2Fcolegiolasalle.edu.mx%2Fsecundaria%2Fideario%2F&amp;description=Ideario%20%20%20%20%20%E2%80%9CEducaci%C3%B3n%20en%20la%20Responsabilidad%E2%80%9D%0AEl%20Colegio%20La%20Salle%20tiene%20como%20finalidad%20el%20proporcionar%20una%20educaci%C3%B3n%20integral%2C%20partiendo%20de%20una%20concepci%C3%B3n%20cristiana%20del%20ser%2C%20como%20persona%20individual%2C%20social%20y%20trascendente%3B%20inspirados%20en%20los%20principios%20educativos%20de%20San%20Juan%20Bautista%20de%20La%20Salle.&amp;media=\" target=\"_blank\" rel=\"noopener noreferrer\" title=\"Pinterest\" aria-label=\"Pinterest\" data-placement=\"top\" data-toggle=\"tooltip\" data-title=\"Pinterest\"><i class=\"fusion-social-network-icon fusion-tooltip fusion-pinterest awb-icon-pinterest\" style=\"color:#ffffff;background-color:#bd081c;border-color:#bd081c;border-radius:4px;\" aria-hidden=\"true\"><\/i><\/a><\/span><span><a href=\"https:\/\/vkontakte.ru\/share.php?url=https%3A%2F%2Fcolegiolasalle.edu.mx%2Fsecundaria%2Fideario%2F&amp;title=Ideario&amp;description=Ideario%20%20%20%20%20%E2%80%9CEducaci%C3%B3n%20en%20la%20Responsabilidad%E2%80%9D%0AEl%20Colegio%20La%20Salle%20tiene%20como%20finalidad%20el%20proporcionar%20una%20educaci%C3%B3n%20integral%2C%20partiendo%20de%20una%20concepci%C3%B3n%20cristiana%20del%20ser%2C%20como%20persona%20individual%2C%20social%20y%20trascendente%3B%20inspirados%20en%20los%20principios%20educativos%20de%20San%20Juan%20Bautista%20de%20La%20Salle.\" target=\"_blank\" rel=\"noopener noreferrer\" title=\"Vk\" aria-label=\"Vk\" data-placement=\"top\" data-toggle=\"tooltip\" data-title=\"Vk\"><i class=\"fusion-social-network-icon fusion-tooltip fusion-vk awb-icon-vk\" style=\"color:#ffffff;background-color:#45668e;border-color:#45668e;border-radius:4px;\" aria-hidden=\"true\"><\/i><\/a><\/span><span><a href=\"https:\/\/www.xing.com\/social_plugins\/share\/new?sc_p=xing-share&amp;h=1&amp;url=https%3A%2F%2Fcolegiolasalle.edu.mx%2Fsecundaria%2Fideario%2F\" target=\"_blank\" rel=\"noopener noreferrer\" title=\"Xing\" aria-label=\"Xing\" data-placement=\"top\" data-toggle=\"tooltip\" data-title=\"Xing\"><i class=\"fusion-social-network-icon fusion-tooltip fusion-xing awb-icon-xing\" style=\"color:#ffffff;background-color:#026466;border-color:#026466;border-radius:4px;\" aria-hidden=\"true\"><\/i><\/a><\/span><span><a href=\"mailto:?subject=Ideario&amp;body=https%3A%2F%2Fcolegiolasalle.edu.mx%2Fsecundaria%2Fideario%2F\" target=\"_self\" title=\"Email\" aria-label=\"Email\" data-placement=\"top\" data-toggle=\"tooltip\" data-title=\"Email\"><i class=\"fusion-social-network-icon fusion-tooltip fusion-mail awb-icon-mail\" style=\"color:#ffffff;background-color:#000000;border-color:#000000;border-radius:4px;\" aria-hidden=\"true\"><\/i><\/a><\/span><\/div><\/div><\/div><\/div><\/div><\/div><\/p>\n","protected":false},"excerpt":{"rendered":"","protected":false},"author":1,"featured_media":0,"parent":0,"menu_order":0,"comment_status":"closed","ping_status":"closed","template":"100-width.php","meta":{"footnotes":""},"class_list":["post-368","page","type-page","status-publish","hentry"],"yoast_head":"<!-- This site is optimized with the Yoast SEO Premium plugin v21.8 (Yoast SEO v25.6) - https:\/\/yoast.com\/wordpress\/plugins\/seo\/ -->\n<title>Ideario - Colegio La Salle de seglares SECUNDARIA<\/title>\n<meta name=\"robots\" content=\"index, follow, max-snippet:-1, max-image-preview:large, max-video-preview:-1\" \/>\n<link rel=\"canonical\" href=\"https:\/\/colegiolasalle.edu.mx\/secundaria\/ideario\/\" \/>\n<meta property=\"og:locale\" content=\"es_MX\" \/>\n<meta property=\"og:type\" content=\"article\" \/>\n<meta property=\"og:title\" content=\"Ideario\" \/>\n<meta property=\"og:url\" content=\"https:\/\/colegiolasalle.edu.mx\/secundaria\/ideario\/\" \/>\n<meta property=\"og:site_name\" content=\"Colegio La Salle de seglares SECUNDARIA\" \/>\n<meta property=\"article:modified_time\" content=\"2024-03-14T06:47:24+00:00\" \/>\n<meta name=\"twitter:card\" content=\"summary_large_image\" \/>\n<meta name=\"twitter:label1\" content=\"Tiempo de lectura\" \/>\n\t<meta name=\"twitter:data1\" content=\"10 minutos\" \/>\n<script type=\"application\/ld+json\" class=\"yoast-schema-graph\">{\"@context\":\"https:\/\/schema.org\",\"@graph\":[{\"@type\":\"WebPage\",\"@id\":\"https:\/\/colegiolasalle.edu.mx\/secundaria\/ideario\/\",\"url\":\"https:\/\/colegiolasalle.edu.mx\/secundaria\/ideario\/\",\"name\":\"Ideario - Colegio La Salle de seglares SECUNDARIA\",\"isPartOf\":{\"@id\":\"https:\/\/colegiolasalle.edu.mx\/secundaria\/#website\"},\"datePublished\":\"2020-03-13T16:33:11+00:00\",\"dateModified\":\"2024-03-14T06:47:24+00:00\",\"breadcrumb\":{\"@id\":\"https:\/\/colegiolasalle.edu.mx\/secundaria\/ideario\/#breadcrumb\"},\"inLanguage\":\"es\",\"potentialAction\":[{\"@type\":\"ReadAction\",\"target\":[\"https:\/\/colegiolasalle.edu.mx\/secundaria\/ideario\/\"]}]},{\"@type\":\"BreadcrumbList\",\"@id\":\"https:\/\/colegiolasalle.edu.mx\/secundaria\/ideario\/#breadcrumb\",\"itemListElement\":[{\"@type\":\"ListItem\",\"position\":1,\"name\":\"Home\",\"item\":\"https:\/\/colegiolasalle.edu.mx\/secundaria\/\"},{\"@type\":\"ListItem\",\"position\":2,\"name\":\"Ideario\"}]},{\"@type\":\"WebSite\",\"@id\":\"https:\/\/colegiolasalle.edu.mx\/secundaria\/#website\",\"url\":\"https:\/\/colegiolasalle.edu.mx\/secundaria\/\",\"name\":\"Colegio La Salle de seglares SECUNDARIA\",\"description\":\"\",\"potentialAction\":[{\"@type\":\"SearchAction\",\"target\":{\"@type\":\"EntryPoint\",\"urlTemplate\":\"https:\/\/colegiolasalle.edu.mx\/secundaria\/?s={search_term_string}\"},\"query-input\":{\"@type\":\"PropertyValueSpecification\",\"valueRequired\":true,\"valueName\":\"search_term_string\"}}],\"inLanguage\":\"es\"}]}<\/script>\n<!-- \/ Yoast SEO Premium plugin. -->","yoast_head_json":{"title":"Ideario - Colegio La Salle de seglares SECUNDARIA","robots":{"index":"index","follow":"follow","max-snippet":"max-snippet:-1","max-image-preview":"max-image-preview:large","max-video-preview":"max-video-preview:-1"},"canonical":"https:\/\/colegiolasalle.edu.mx\/secundaria\/ideario\/","og_locale":"es_MX","og_type":"article","og_title":"Ideario","og_url":"https:\/\/colegiolasalle.edu.mx\/secundaria\/ideario\/","og_site_name":"Colegio La Salle de seglares SECUNDARIA","article_modified_time":"2024-03-14T06:47:24+00:00","twitter_card":"summary_large_image","twitter_misc":{"Tiempo de lectura":"10 minutos"},"schema":{"@context":"https:\/\/schema.org","@graph":[{"@type":"WebPage","@id":"https:\/\/colegiolasalle.edu.mx\/secundaria\/ideario\/","url":"https:\/\/colegiolasalle.edu.mx\/secundaria\/ideario\/","name":"Ideario - Colegio La Salle de seglares SECUNDARIA","isPartOf":{"@id":"https:\/\/colegiolasalle.edu.mx\/secundaria\/#website"},"datePublished":"2020-03-13T16:33:11+00:00","dateModified":"2024-03-14T06:47:24+00:00","breadcrumb":{"@id":"https:\/\/colegiolasalle.edu.mx\/secundaria\/ideario\/#breadcrumb"},"inLanguage":"es","potentialAction":[{"@type":"ReadAction","target":["https:\/\/colegiolasalle.edu.mx\/secundaria\/ideario\/"]}]},{"@type":"BreadcrumbList","@id":"https:\/\/colegiolasalle.edu.mx\/secundaria\/ideario\/#breadcrumb","itemListElement":[{"@type":"ListItem","position":1,"name":"Home","item":"https:\/\/colegiolasalle.edu.mx\/secundaria\/"},{"@type":"ListItem","position":2,"name":"Ideario"}]},{"@type":"WebSite","@id":"https:\/\/colegiolasalle.edu.mx\/secundaria\/#website","url":"https:\/\/colegiolasalle.edu.mx\/secundaria\/","name":"Colegio La Salle de seglares SECUNDARIA","description":"","potentialAction":[{"@type":"SearchAction","target":{"@type":"EntryPoint","urlTemplate":"https:\/\/colegiolasalle.edu.mx\/secundaria\/?s={search_term_string}"},"query-input":{"@type":"PropertyValueSpecification","valueRequired":true,"valueName":"search_term_string"}}],"inLanguage":"es"}]}},"_links":{"self":[{"href":"https:\/\/colegiolasalle.edu.mx\/secundaria\/wp-json\/wp\/v2\/pages\/368","targetHints":{"allow":["GET"]}}],"collection":[{"href":"https:\/\/colegiolasalle.edu.mx\/secundaria\/wp-json\/wp\/v2\/pages"}],"about":[{"href":"https:\/\/colegiolasalle.edu.mx\/secundaria\/wp-json\/wp\/v2\/types\/page"}],"author":[{"embeddable":true,"href":"https:\/\/colegiolasalle.edu.mx\/secundaria\/wp-json\/wp\/v2\/users\/1"}],"replies":[{"embeddable":true,"href":"https:\/\/colegiolasalle.edu.mx\/secundaria\/wp-json\/wp\/v2\/comments?post=368"}],"version-history":[{"count":1,"href":"https:\/\/colegiolasalle.edu.mx\/secundaria\/wp-json\/wp\/v2\/pages\/368\/revisions"}],"predecessor-version":[{"id":727,"href":"https:\/\/colegiolasalle.edu.mx\/secundaria\/wp-json\/wp\/v2\/pages\/368\/revisions\/727"}],"wp:attachment":[{"href":"https:\/\/colegiolasalle.edu.mx\/secundaria\/wp-json\/wp\/v2\/media?parent=368"}],"curies":[{"name":"wp","href":"https:\/\/api.w.org\/{rel}","templated":true}]}}